{"id":9,"date":"2013-11-20T16:58:05","date_gmt":"2013-11-20T15:58:05","guid":{"rendered":"http:\/\/gites.localhost\/de\/?page_id=9"},"modified":"2026-03-19T18:10:32","modified_gmt":"2026-03-19T17:10:32","slug":"ferienhaus","status":"publish","type":"page","link":"https:\/\/www.gites-weyer.fr\/de\/ferienhaus\/","title":{"rendered":"Einfamilienhaus (4 personen)"},"content":{"rendered":"<p>Das Einfamilienhaus, zweist\u00f6ckig und nach S\u00fcden gerichtet, hat eine Gesamtfl\u00e4che von 63 m\u00b2. Es wurde im Jahre 2000 ganz renoviert.<\/p>\n<h2>Es besteht aus:<\/h2>\n<h3>Erdgeschoss<\/h3>\n<ul>\n<li>Eingang<\/li>\n<li>Wohnzimmer<\/li>\n<li>Abort (WC)<\/li>\n<\/ul>\n<h4>Das Wohnzimmer<\/h4>\n<p>Mit einer gut ausgestatteten K\u00fcche, 1 Tisch, 4 St\u00fchle, 1 Sofa, 1 Sessel, 1 Fernseher.<\/p>\n\n\t\t<style type='text\/css'>\n\t\t\t#gallery-1 {\n\t\t\t\tmargin: auto;\n\t\t\t}\n\t\t\t#gallery-1 .gallery-item {\n\t\t\t\tmargin-top: 10px;\n\t\t\t\ttext-align: center;\n\t\t\t}\n\t\t\t#gallery-1 img {\n\t\t\t\tborder: 2px solid #cfcfcf;\n\t\t\t}\n\t\t\t#gallery-1 .gallery-caption {\n\t\t\t\tmargin-left: 0;\n\t\t\t}\n\t\t\t\/* see gallery_shortcode() in wp-includes\/media.php *\/\n\t\t<\/style>\n\t\t<div id='gallery-1' class='row gallery galleryid-9 gallery-size-thumbnail'><div class='gallery-item col-xs-12 col-sm-6 col-md-3'>\n\t\t\t<div class='gallery-icon landscape'>\n\t\t\t\t<a href='https:\/\/www.gites-weyer.fr\/de\/wp-content\/uploads\/sites\/3\/2013\/11\/DSC00085.jpg' title=\"\" data-rl_title=\"\" class=\"img-responsive rl-gallery-link\" data-rl_caption=\"\" data-rel=\"lightbox-gallery-1\"><img decoding=\"async\"   src=\"https:\/\/www.gites-weyer.fr\/de\/wp-content\/uploads\/sites\/3\/2013\/11\/DSC00085-150x150.jpg\" class=\"img-responsive attachment-thumbnail size-thumbnail\" alt=\"\" \/><\/a>\n\t\t\t<\/div>\n\t\t\t\t<dd class='wp-caption-text gallery-caption'>\n\t\t\t\tDas Haus\n\t\t\t\t<\/dd><\/div><div class='gallery-item col-xs-12 col-sm-6 col-md-3'>\n\t\t\t<div class='gallery-icon landscape'>\n\t\t\t\t<a href='https:\/\/www.gites-weyer.fr\/de\/wp-content\/uploads\/sites\/3\/2026\/03\/2026b_01-Stub.jpg' title=\"\" data-rl_title=\"\" class=\"img-responsive rl-gallery-link\" data-rl_caption=\"\" data-rel=\"lightbox-gallery-1\"><img decoding=\"async\"   src=\"https:\/\/www.gites-weyer.fr\/de\/wp-content\/uploads\/sites\/3\/2026\/03\/2026b_01-Stub-150x150.jpg\" class=\"img-responsive attachment-thumbnail size-thumbnail\" alt=\"\" \/><\/a>\n\t\t\t<\/div><\/div><div class=\"clearfix visible-sm\"><\/div><div class='gallery-item col-xs-12 col-sm-6 col-md-3'>\n\t\t\t<div class='gallery-icon landscape'>\n\t\t\t\t<a href='https:\/\/www.gites-weyer.fr\/de\/wp-content\/uploads\/sites\/3\/2026\/03\/2026b_04-Stub.jpg' title=\"\" data-rl_title=\"\" class=\"img-responsive rl-gallery-link\" data-rl_caption=\"\" data-rel=\"lightbox-gallery-1\"><img decoding=\"async\"   src=\"https:\/\/www.gites-weyer.fr\/de\/wp-content\/uploads\/sites\/3\/2026\/03\/2026b_04-Stub-150x150.jpg\" class=\"img-responsive attachment-thumbnail size-thumbnail\" alt=\"\" \/><\/a>\n\t\t\t<\/div><\/div><div class='gallery-item col-xs-12 col-sm-6 col-md-3'>\n\t\t\t<div class='gallery-icon landscape'>\n\t\t\t\t<a href='https:\/\/www.gites-weyer.fr\/de\/wp-content\/uploads\/sites\/3\/2026\/03\/2026b_03-Stub.jpg' title=\"\" data-rl_title=\"\" class=\"img-responsive rl-gallery-link\" data-rl_caption=\"\" data-rel=\"lightbox-gallery-1\"><img decoding=\"async\"   src=\"https:\/\/www.gites-weyer.fr\/de\/wp-content\/uploads\/sites\/3\/2026\/03\/2026b_03-Stub-150x150.jpg\" class=\"img-responsive attachment-thumbnail size-thumbnail\" alt=\"\" \/><\/a>\n\t\t\t<\/div><\/div><div class=\"clearfix visible-md visible-lg\"><\/div><div class=\"clearfix visible-sm\"><\/div><div class='gallery-item col-xs-12 col-sm-6 col-md-3'>\n\t\t\t<div class='gallery-icon landscape'>\n\t\t\t\t<a href='https:\/\/www.gites-weyer.fr\/de\/wp-content\/uploads\/sites\/3\/2026\/03\/2026b_02-Stub.jpg' title=\"\" data-rl_title=\"\" class=\"img-responsive rl-gallery-link\" data-rl_caption=\"\" data-rel=\"lightbox-gallery-1\"><img decoding=\"async\"   src=\"https:\/\/www.gites-weyer.fr\/de\/wp-content\/uploads\/sites\/3\/2026\/03\/2026b_02-Stub-150x150.jpg\" class=\"img-responsive attachment-thumbnail size-thumbnail\" alt=\"\" \/><\/a>\n\t\t\t<\/div><\/div><div class='gallery-item col-xs-12 col-sm-6 col-md-3'>\n\t\t\t<div class='gallery-icon landscape'>\n\t\t\t\t<a href='https:\/\/www.gites-weyer.fr\/de\/wp-content\/uploads\/sites\/3\/2026\/03\/2026b_05-Stub.jpg' title=\"\" data-rl_title=\"\" class=\"img-responsive rl-gallery-link\" data-rl_caption=\"\" data-rel=\"lightbox-gallery-1\"><img decoding=\"async\"   src=\"https:\/\/www.gites-weyer.fr\/de\/wp-content\/uploads\/sites\/3\/2026\/03\/2026b_05-Stub-150x150.jpg\" class=\"img-responsive attachment-thumbnail size-thumbnail\" alt=\"\" \/><\/a>\n\t\t\t<\/div><\/div><div class=\"clearfix visible-sm\"><\/div><div class='gallery-item col-xs-12 col-sm-6 col-md-3'>\n\t\t\t<div class='gallery-icon landscape'>\n\t\t\t\t<a href='https:\/\/www.gites-weyer.fr\/de\/wp-content\/uploads\/sites\/3\/2026\/03\/2026b_06-Stub.jpg' title=\"\" data-rl_title=\"\" class=\"img-responsive rl-gallery-link\" data-rl_caption=\"\" data-rel=\"lightbox-gallery-1\"><img decoding=\"async\"   src=\"https:\/\/www.gites-weyer.fr\/de\/wp-content\/uploads\/sites\/3\/2026\/03\/2026b_06-Stub-150x150.jpg\" class=\"img-responsive attachment-thumbnail size-thumbnail\" alt=\"\" \/><\/a>\n\t\t\t<\/div><\/div><div class='gallery-item col-xs-12 col-sm-6 col-md-3'>\n\t\t\t<div class='gallery-icon landscape'>\n\t\t\t\t<a href='https:\/\/www.gites-weyer.fr\/de\/wp-content\/uploads\/sites\/3\/2026\/03\/2026b_07-Stub.jpg' title=\"\" data-rl_title=\"\" class=\"img-responsive rl-gallery-link\" data-rl_caption=\"\" data-rel=\"lightbox-gallery-1\"><img decoding=\"async\"   src=\"https:\/\/www.gites-weyer.fr\/de\/wp-content\/uploads\/sites\/3\/2026\/03\/2026b_07-Stub-150x150.jpg\" class=\"img-responsive attachment-thumbnail size-thumbnail\" alt=\"\" \/><\/a>\n\t\t\t<\/div><\/div><div class=\"clearfix visible-md visible-lg\"><\/div><div class=\"clearfix visible-sm\"><\/div>\n\t\t<\/div>\n\n<h3>Erster Stock<\/h3>\n<h4>Schlafzimmer 1<\/h4>\n<p>1 Bett ( 160 x 200 ) f\u00fcr 2 Personen, 2 Nachttische, 1 Schrank, 1 Stuhl.<\/p>\n<h4>Schlafzimmer 2<\/h4>\n<p>1 Bett ( 140 x 190 ) f\u00fcr 2 Personen, 1 Schrank, 1 Stuhl.<\/p>\n<h4>Waschraum<\/h4>\n<p>1 Dusche, 1 Lavabo, 1 WC.<\/p>\n\n\t\t<style type='text\/css'>\n\t\t\t#gallery-2 {\n\t\t\t\tmargin: auto;\n\t\t\t}\n\t\t\t#gallery-2 .gallery-item {\n\t\t\t\tmargin-top: 10px;\n\t\t\t\ttext-align: center;\n\t\t\t}\n\t\t\t#gallery-2 img {\n\t\t\t\tborder: 2px solid #cfcfcf;\n\t\t\t}\n\t\t\t#gallery-2 .gallery-caption {\n\t\t\t\tmargin-left: 0;\n\t\t\t}\n\t\t\t\/* see gallery_shortcode() in wp-includes\/media.php *\/\n\t\t<\/style>\n\t\t<div id='gallery-2' class='row gallery galleryid-9 gallery-size-thumbnail'><div class='gallery-item col-xs-12 col-sm-6 col-md-3'>\n\t\t\t<div class='gallery-icon landscape'>\n\t\t\t\t<a href='https:\/\/www.gites-weyer.fr\/de\/wp-content\/uploads\/sites\/3\/2014\/03\/chambre_maison_01a.jpg' title=\"\" data-rl_title=\"\" class=\"img-responsive rl-gallery-link\" data-rl_caption=\"\" data-rel=\"lightbox-gallery-2\"><img decoding=\"async\"   src=\"https:\/\/www.gites-weyer.fr\/de\/wp-content\/uploads\/sites\/3\/2014\/03\/chambre_maison_01a-150x150.jpg\" class=\"img-responsive attachment-thumbnail size-thumbnail\" alt=\"\" \/><\/a>\n\t\t\t<\/div>\n\t\t\t\t<dd class='wp-caption-text gallery-caption'>\n\t\t\t\tDas Schlafzimmer n\u00b01\n\t\t\t\t<\/dd><\/div><div class='gallery-item col-xs-12 col-sm-6 col-md-3'>\n\t\t\t<div class='gallery-icon landscape'>\n\t\t\t\t<a href='https:\/\/www.gites-weyer.fr\/de\/wp-content\/uploads\/sites\/3\/2014\/03\/chambre_maison_01b.jpg' title=\"\" data-rl_title=\"\" class=\"img-responsive rl-gallery-link\" data-rl_caption=\"\" data-rel=\"lightbox-gallery-2\"><img decoding=\"async\"   src=\"https:\/\/www.gites-weyer.fr\/de\/wp-content\/uploads\/sites\/3\/2014\/03\/chambre_maison_01b-150x150.jpg\" class=\"img-responsive attachment-thumbnail size-thumbnail\" alt=\"\" \/><\/a>\n\t\t\t<\/div>\n\t\t\t\t<dd class='wp-caption-text gallery-caption'>\n\t\t\t\tDas Bett: 160&#215;200\n\t\t\t\t<\/dd><\/div><div class=\"clearfix visible-sm\"><\/div><div class='gallery-item col-xs-12 col-sm-6 col-md-3'>\n\t\t\t<div class='gallery-icon landscape'>\n\t\t\t\t<a href='https:\/\/www.gites-weyer.fr\/de\/wp-content\/uploads\/sites\/3\/2014\/03\/chambre_maison_02b.jpg' title=\"\" data-rl_title=\"\" class=\"img-responsive rl-gallery-link\" data-rl_caption=\"\" data-rel=\"lightbox-gallery-2\"><img decoding=\"async\"   src=\"https:\/\/www.gites-weyer.fr\/de\/wp-content\/uploads\/sites\/3\/2014\/03\/chambre_maison_02b-150x150.jpg\" class=\"img-responsive attachment-thumbnail size-thumbnail\" alt=\"\" \/><\/a>\n\t\t\t<\/div>\n\t\t\t\t<dd class='wp-caption-text gallery-caption'>\n\t\t\t\tDas Schlafzimmer n\u00b02\n\t\t\t\t<\/dd><\/div><div class='gallery-item col-xs-12 col-sm-6 col-md-3'>\n\t\t\t<div class='gallery-icon landscape'>\n\t\t\t\t<a href='https:\/\/www.gites-weyer.fr\/de\/wp-content\/uploads\/sites\/3\/2014\/03\/chambre_maison_02a.jpg' title=\"\" data-rl_title=\"\" class=\"img-responsive rl-gallery-link\" data-rl_caption=\"\" data-rel=\"lightbox-gallery-2\"><img decoding=\"async\"   src=\"https:\/\/www.gites-weyer.fr\/de\/wp-content\/uploads\/sites\/3\/2014\/03\/chambre_maison_02a-150x150.jpg\" class=\"img-responsive attachment-thumbnail size-thumbnail\" alt=\"\" \/><\/a>\n\t\t\t<\/div>\n\t\t\t\t<dd class='wp-caption-text gallery-caption'>\n\t\t\t\tDas Bett: 140&#215;190\n\t\t\t\t<\/dd><\/div><div class=\"clearfix visible-md visible-lg\"><\/div><div class=\"clearfix visible-sm\"><\/div><div class='gallery-item col-xs-12 col-sm-6 col-md-3'>\n\t\t\t<div class='gallery-icon portrait'>\n\t\t\t\t<a href='https:\/\/www.gites-weyer.fr\/de\/wp-content\/uploads\/sites\/3\/2013\/11\/DSC_0451.jpg' title=\"\" data-rl_title=\"\" class=\"img-responsive rl-gallery-link\" data-rl_caption=\"\" data-rel=\"lightbox-gallery-2\"><img decoding=\"async\"   src=\"https:\/\/www.gites-weyer.fr\/de\/wp-content\/uploads\/sites\/3\/2013\/11\/DSC_0451-150x150.jpg\" class=\"img-responsive attachment-thumbnail size-thumbnail\" alt=\"\" \/><\/a>\n\t\t\t<\/div>\n\t\t\t\t<dd class='wp-caption-text gallery-caption'>\n\t\t\t\tDas Badzimmer\n\t\t\t\t<\/dd><\/div><div class='gallery-item col-xs-12 col-sm-6 col-md-3'>\n\t\t\t<div class='gallery-icon portrait'>\n\t\t\t\t<a href='https:\/\/www.gites-weyer.fr\/de\/wp-content\/uploads\/sites\/3\/2013\/11\/DSC_0458.jpg' title=\"\" data-rl_title=\"\" class=\"img-responsive rl-gallery-link\" data-rl_caption=\"\" data-rel=\"lightbox-gallery-2\"><img decoding=\"async\"   src=\"https:\/\/www.gites-weyer.fr\/de\/wp-content\/uploads\/sites\/3\/2013\/11\/DSC_0458-150x150.jpg\" class=\"img-responsive attachment-thumbnail size-thumbnail\" alt=\"\" \/><\/a>\n\t\t\t<\/div>\n\t\t\t\t<dd class='wp-caption-text gallery-caption'>\n\t\t\t\tDas Badzimmer\n\t\t\t\t<\/dd><\/div><div class=\"clearfix visible-sm\"><\/div>\n\t\t<\/div>\n\n<h2>Verschiedene Ausstattungen:<\/h2>\n<ul>\n<li>Stehen zur Verf\u00fcgung: Waschmaschine, W\u00e4schetrocker, Trockenleine, B\u00fcgeleisen, Staubsauger.<\/li>\n<li>Im Hof: Parkpl\u00e4tze, Gartenm\u00f6bel.<\/li>\n<\/ul>\n","protected":false},"excerpt":{"rendered":"<p>Das Einfamilienhaus, zweist\u00f6ckig und nach S\u00fcden gerichtet, hat eine Gesamtfl\u00e4che von 63 m\u00b2. Es wurde im Jahre 2000 ganz renoviert. Es besteht aus: Erdgeschoss Eingang Wohnzimmer Abort (WC) Das Wohnzimmer Mit einer gut ausgestatteten K\u00fcche, 1 Tisch, 4 St\u00fchle, 1 Sofa, 1 Sessel, 1 Fernseher. Erster Stock Schlafzimmer 1 1 Bett ( 160 x 200 [&hellip;]<\/p>\n","protected":false},"author":1,"featured_media":0,"parent":0,"menu_order":0,"comment_status":"closed","ping_status":"open","template":"","meta":{"footnotes":""},"class_list":["post-9","page","type-page","status-publish","hentry"],"yoast_head":"<!-- This site is optimized with the Yoast SEO plugin v21.8 - https:\/\/yoast.com\/wordpress\/plugins\/seo\/ -->\n<title>Einfamilienhaus (4 personen) - Les G\u00eetes de Suzanne et Martin<\/title>\n<meta name=\"robots\" content=\"index, follow, max-snippet:-1, max-image-preview:large, max-video-preview:-1\" \/>\n<link rel=\"canonical\" href=\"https:\/\/www.gites-weyer.fr\/de\/ferienhaus\/\" \/>\n<meta name=\"twitter:label1\" content=\"Gesch\u00e4tzte Lesezeit\" \/>\n\t<meta name=\"twitter:data1\" content=\"1\u00a0Minute\" \/>\n<script type=\"application\/ld+json\" class=\"yoast-schema-graph\">{\"@context\":\"https:\/\/schema.org\",\"@graph\":[{\"@type\":\"WebPage\",\"@id\":\"https:\/\/www.gites-weyer.fr\/de\/ferienhaus\/\",\"url\":\"https:\/\/www.gites-weyer.fr\/de\/ferienhaus\/\",\"name\":\"Einfamilienhaus (4 personen) - Les G\u00eetes de Suzanne et Martin\",\"isPartOf\":{\"@id\":\"https:\/\/www.gites-weyer.fr\/de\/#website\"},\"datePublished\":\"2013-11-20T15:58:05+00:00\",\"dateModified\":\"2026-03-19T17:10:32+00:00\",\"inLanguage\":\"de\",\"potentialAction\":[{\"@type\":\"ReadAction\",\"target\":[\"https:\/\/www.gites-weyer.fr\/de\/ferienhaus\/\"]}]},{\"@type\":\"WebSite\",\"@id\":\"https:\/\/www.gites-weyer.fr\/de\/#website\",\"url\":\"https:\/\/www.gites-weyer.fr\/de\/\",\"name\":\"Les G\u00eetes de Suzanne et Martin\",\"description\":\"Les G\u00eetes de Suzanne et Martin\",\"potentialAction\":[{\"@type\":\"SearchAction\",\"target\":{\"@type\":\"EntryPoint\",\"urlTemplate\":\"https:\/\/www.gites-weyer.fr\/de\/?s={search_term_string}\"},\"query-input\":\"required name=search_term_string\"}],\"inLanguage\":\"de\"}]}<\/script>\n<!-- \/ Yoast SEO plugin. -->","yoast_head_json":{"title":"Einfamilienhaus (4 personen) - Les G\u00eetes de Suzanne et Martin","robots":{"index":"index","follow":"follow","max-snippet":"max-snippet:-1","max-image-preview":"max-image-preview:large","max-video-preview":"max-video-preview:-1"},"canonical":"https:\/\/www.gites-weyer.fr\/de\/ferienhaus\/","twitter_misc":{"Gesch\u00e4tzte Lesezeit":"1\u00a0Minute"},"schema":{"@context":"https:\/\/schema.org","@graph":[{"@type":"WebPage","@id":"https:\/\/www.gites-weyer.fr\/de\/ferienhaus\/","url":"https:\/\/www.gites-weyer.fr\/de\/ferienhaus\/","name":"Einfamilienhaus (4 personen) - Les G\u00eetes de Suzanne et Martin","isPartOf":{"@id":"https:\/\/www.gites-weyer.fr\/de\/#website"},"datePublished":"2013-11-20T15:58:05+00:00","dateModified":"2026-03-19T17:10:32+00:00","inLanguage":"de","potentialAction":[{"@type":"ReadAction","target":["https:\/\/www.gites-weyer.fr\/de\/ferienhaus\/"]}]},{"@type":"WebSite","@id":"https:\/\/www.gites-weyer.fr\/de\/#website","url":"https:\/\/www.gites-weyer.fr\/de\/","name":"Les G\u00eetes de Suzanne et Martin","description":"Les G\u00eetes de Suzanne et Martin","potentialAction":[{"@type":"SearchAction","target":{"@type":"EntryPoint","urlTemplate":"https:\/\/www.gites-weyer.fr\/de\/?s={search_term_string}"},"query-input":"required name=search_term_string"}],"inLanguage":"de"}]}},"_links":{"self":[{"href":"https:\/\/www.gites-weyer.fr\/de\/wp-json\/wp\/v2\/pages\/9"}],"collection":[{"href":"https:\/\/www.gites-weyer.fr\/de\/wp-json\/wp\/v2\/pages"}],"about":[{"href":"https:\/\/www.gites-weyer.fr\/de\/wp-json\/wp\/v2\/types\/page"}],"author":[{"embeddable":true,"href":"https:\/\/www.gites-weyer.fr\/de\/wp-json\/wp\/v2\/users\/1"}],"replies":[{"embeddable":true,"href":"https:\/\/www.gites-weyer.fr\/de\/wp-json\/wp\/v2\/comments?post=9"}],"version-history":[{"count":12,"href":"https:\/\/www.gites-weyer.fr\/de\/wp-json\/wp\/v2\/pages\/9\/revisions"}],"predecessor-version":[{"id":264,"href":"https:\/\/www.gites-weyer.fr\/de\/wp-json\/wp\/v2\/pages\/9\/revisions\/264"}],"wp:attachment":[{"href":"https:\/\/www.gites-weyer.fr\/de\/wp-json\/wp\/v2\/media?parent=9"}],"curies":[{"name":"wp","href":"https:\/\/api.w.org\/{rel}","templated":true}]}}